{"id":421,"date":"2026-04-10T12:34:50","date_gmt":"2026-04-10T12:34:50","guid":{"rendered":"https:\/\/olive-dogfish-121566.hostingersite.com\/?page_id=421"},"modified":"2026-05-01T10:31:52","modified_gmt":"2026-05-01T09:31:52","slug":"aprendizagem","status":"publish","type":"page","link":"https:\/\/orladesign.org\/en\/aprendizagem\/","title":{"rendered":"Learning"},"content":{"rendered":"<div class=\"wp-block-columns is-layout-flex wp-container-core-columns-is-layout-28f84493 wp-block-columns-is-layout-flex\">\n<div class=\"wp-block-column is-domain is-layout-flow wp-block-column-is-layout-flow\" style=\"flex-basis:10%\">\n<div class=\"wp-block-columns is-layout-flex wp-container-core-columns-is-layout-133cf375 wp-block-columns-is-layout-flex\">\n<div class=\"wp-block-column is-layout-flow wp-block-column-is-layout-flow\" style=\"flex-basis:80%\">\n<div style=\"height:120px\" aria-hidden=\"true\" class=\"wp-block-spacer is-style-height-2-mobile\"><\/div>\n\n\n\n<figure class=\"wp-block-image size-full is-style-default\"><img loading=\"lazy\" decoding=\"async\" width=\"189\" height=\"189\" src=\"https:\/\/orladesign.org\/wp-content\/uploads\/2026\/02\/icons-v2-03-1-e1772821978747.png\" alt=\"\" class=\"wp-image-53\" style=\"object-fit:cover\" srcset=\"https:\/\/orladesign.org\/wp-content\/uploads\/2026\/02\/icons-v2-03-1-e1772821978747.png 189w, https:\/\/orladesign.org\/wp-content\/uploads\/2026\/02\/icons-v2-03-1-e1772821978747-150x150.png 150w, https:\/\/orladesign.org\/wp-content\/uploads\/2026\/02\/icons-v2-03-1-e1772821978747-12x12.png 12w\" sizes=\"auto, (max-width: 189px) 100vw, 189px\" \/><\/figure>\n<\/div>\n<\/div>\n<\/div>\n\n\n\n<div class=\"wp-block-column is-domain-text is-layout-flow wp-block-column-is-layout-flow\" style=\"flex-basis:90%\">\n<div class=\"wp-block-group alignfull align-child-vertically is-layout-constrained wp-container-core-group-is-layout-adba0735 wp-block-group-is-layout-constrained\" style=\"min-height:100vh;padding-right:0rem;padding-left:3rem\">\n<div class=\"wp-block-columns alignwide z-index-1 is-layout-flex wp-container-core-columns-is-layout-28f84493 wp-block-columns-is-layout-flex\">\n<div class=\"wp-block-column is-vertically-aligned-center z-index-1 is-layout-flow wp-block-column-is-layout-flow\" style=\"flex-basis:50%\">\n<div style=\"height:1rem\" aria-hidden=\"true\" class=\"wp-block-spacer is-style-height-2-mobile\"><\/div>\n\n\n\n<h1 class=\"wp-block-heading has-gigantic-2-font-size\"><strong>A Practice Rooted in Learning<\/strong><\/h1>\n\n\n\n<div style=\"height:4rem\" aria-hidden=\"true\" class=\"wp-block-spacer is-style-height-2-mobile\"><\/div>\n\n\n\n<p class=\"wp-block-orla-plus-animated-paragraph orla-animated-paragraph big-size\">We approach <strong>regeneration as a living edge<\/strong> \u2014 a space where participants deepen ecological understanding, strengthen their collaborative capacities, and grow into the roles they play within broader systems over time.<\/p>\n<\/div>\n\n\n\n<div class=\"wp-block-column is-vertically-aligned-center is-layout-flow wp-block-column-is-layout-flow\">\n<div style=\"height:120px\" aria-hidden=\"true\" class=\"wp-block-spacer is-style-height-1-mobile\"><\/div>\n\n\n\n<figure class=\"wp-block-image size-full is-style-image-zoom\"><img loading=\"lazy\" decoding=\"async\" width=\"1099\" height=\"1100\" src=\"https:\/\/orladesign.org\/wp-content\/uploads\/2026\/04\/PDCh-edited.png\" alt=\"\" class=\"wp-image-624\" srcset=\"https:\/\/orladesign.org\/wp-content\/uploads\/2026\/04\/PDCh-edited.png 1099w, https:\/\/orladesign.org\/wp-content\/uploads\/2026\/04\/PDCh-edited-300x300.png 300w, https:\/\/orladesign.org\/wp-content\/uploads\/2026\/04\/PDCh-edited-1024x1024.png 1024w, https:\/\/orladesign.org\/wp-content\/uploads\/2026\/04\/PDCh-edited-150x150.png 150w, https:\/\/orladesign.org\/wp-content\/uploads\/2026\/04\/PDCh-edited-768x769.png 768w, https:\/\/orladesign.org\/wp-content\/uploads\/2026\/04\/PDCh-edited-12x12.png 12w\" sizes=\"auto, (max-width: 1099px) 100vw, 1099px\" \/><\/figure>\n\n\n\n<div style=\"height:100px\" aria-hidden=\"true\" class=\"wp-block-spacer is-style-hide-mobile\"><\/div>\n<\/div>\n<\/div>\n<\/div>\n\n\n\n<div class=\"wp-block-group alignwide is-layout-constrained wp-container-core-group-is-layout-a4e2cbdf wp-block-group-is-layout-constrained\" id=\"caminhos\" style=\"padding-left:3rem\">\n<div class=\"wp-block-group alignwide learning-info has-or-beige-100-background-color has-background is-content-justification-left is-layout-constrained wp-container-core-group-is-layout-ab5e7be8 wp-block-group-is-layout-constrained\" style=\"padding-top:4rem;padding-right:4rem;padding-bottom:4rem\">\n<div class=\"wp-block-columns alignwide is-layout-flex wp-container-core-columns-is-layout-28f84493 wp-block-columns-is-layout-flex\">\n<div class=\"wp-block-column hide-mobile is-layout-flow wp-block-column-is-layout-flow\" style=\"flex-basis:20%\"><\/div>\n\n\n\n<div class=\"wp-block-column is-layout-flow wp-block-column-is-layout-flow\" style=\"flex-basis:80%\">\n<p class=\"wp-block-orla-plus-animated-paragraph orla-animated-paragraph big-size use-primary-font\">Learning unfolds through practice, as knowledge emerges from direct experience and reflection. This learning is rooted in regenerative landscape design, collaborative governance, deep ecology, conscious collaboration, and facilitation as living and evolving practices. <strong>no design regenerativo da paisagem, na governan\u00e7a colaborativa, <strong>na ecologia profunda<\/strong><\/strong>, <strong>na colabora\u00e7\u00e3o consciente e na facilita\u00e7\u00e3o enquanto pr\u00e1ticas vivas e em constante evolu\u00e7\u00e3o<\/strong>.<\/p>\n\n\n\n<p class=\"wp-block-orla-plus-animated-paragraph orla-animated-paragraph\"><br>We create conditions for <strong>personal and collective development<\/strong>, supporting participants in integrating ecological and relational ways of knowing and being within real-world contexts.<\/p>\n<\/div>\n<\/div>\n<\/div>\n<\/div>\n\n\n\n<div class=\"wp-block-group is-layout-constrained wp-container-core-group-is-layout-a4e2cbdf wp-block-group-is-layout-constrained\" style=\"padding-left:3rem\">\n<div class=\"wp-block-group alignwide is-style-one-column-mobile is-layout-grid wp-container-core-group-is-layout-b757edec wp-block-group-is-layout-grid\">\n<div style=\"background:#f7f4e8;--highlight-color:#D4EC97\" class=\"wp-block-orla-plus-rounded-container orla-rounded-container  canaphos-rounded-container\"><div class=\"icon-wrapper\" style=\"background:#ffffff\"><svg viewbox=\"0 0 64 64\" width=\"60\" height=\"60\" style=\"color:#1f3a34;--icon-secondary:#f59951\" fill=\"#1f3a34\"><g fill=\"none\" stroke=\"currentColor\" stroke-width=\"2.2\" stroke-linecap=\"round\" stroke-linejoin=\"round\"><path fill=\"var(--icon-secondary, #ffffff)\" d=\"M18 16 C18 14, 20 12, 22 12 L42 12 C44 12, 46 14, 46 16 L46 48 C46 50, 44 52, 42 52 L22 52 C20 52, 18 50, 18 48 Z\"><\/path><path d=\"M24 12 C23 20, 23 44, 24 52\"><\/path><path d=\"M28 22 C32 21, 36 21, 40 22\"><\/path><path d=\"M28 30 C32 29, 36 29, 40 30\"><\/path><path d=\"M28 38 C32 37, 36 37, 40 38\"><\/path><\/g><\/svg><\/div>\n<h3 class=\"wp-block-heading\"><strong><strong><strong><strong>Learning Journeys<\/strong><\/strong><\/strong><\/strong><\/h3>\n\n\n\n<p>Long-term learning processes that unfold over time, supporting participants in deepening ecological understanding, cultivating collaborative capacities, and integrating regenerative principles into real contexts. Learning journeys create space for reflection, experimentation, and meaning-making as participants grow into their roles within broader living systems.<\/p>\n<\/div>\n\n\n\n<div style=\"background:#c15f13;--highlight-color:#D4EC97\" class=\"wp-block-orla-plus-rounded-container orla-rounded-container  canaphos-rounded-container\"><div class=\"icon-wrapper\" style=\"background:#ffffff\"><svg viewbox=\"0 0 64 64\" width=\"60\" height=\"60\" style=\"color:#1f3a34;--icon-secondary:#f59951\" fill=\"#1f3a34\"><g fill=\"none\" stroke=\"currentColor\" stroke-width=\"2.2\" stroke-linecap=\"round\" stroke-linejoin=\"round\"><path fill=\"var(--icon-secondary, #ffffff)\" d=\"M30 14 C32 13, 44 13, 46 14 C48 16, 48 28, 46 30 C44 31, 32 31, 30 30 C28 28, 28 16, 30 14 Z\"><\/path><path d=\"M38 30 C38 34, 38 38, 38 42\"><\/path><path fill=\"var(--icon-secondary, #ffffff)\" d=\"M16 20 C19 20, 21 23, 19.5 26 C18 29, 15 29, 13.5 26 C12 23, 13 20, 16 20 Z\"><\/path><path d=\"M16 28 C16 32, 16 36, 16 42\"><\/path><path d=\"M16 32 C22 30, 26 28, 30 26\"><\/path><path fill=\"var(--icon-secondary, #ffffff)\" d=\"M24 44 C26 44, 27 46, 26 48 C25 50, 23 50, 22 48 C21 46, 22 44, 24 44 Z\"><\/path><path fill=\"var(--icon-secondary, #ffffff)\" d=\"M32 46 C34 46, 35 48, 34 50 C33 52, 31 52, 30 50 C29 48, 30 46, 32 46 Z\"><\/path><path fill=\"var(--icon-secondary, #ffffff)\" d=\"M40 44 C42 44, 43 46, 42 48 C41 50, 39 50, 38 48 C37 46, 38 44, 40 44 Z\"><\/path><path fill=\"var(--icon-secondary, #ffffff)\" d=\"M48 46 C50 46, 51 48, 50 50 C49 52, 47 52, 46 50 C45 48, 46 46, 48 46 Z\"><\/path><path d=\"M22 52 C30 55, 42 55, 50 52\"><\/path><\/g><\/svg><\/div>\n<h3 class=\"wp-block-heading has-or-beige-color has-text-color has-link-color wp-elements-5d605a025686d78757b8e5e4f97fb59b\"><strong><strong><strong><strong><strong>Internal and Open Trainings<\/strong><\/strong><\/strong><\/strong><\/strong><\/h3>\n\n\n\n<p class=\"has-or-beige-color has-text-color has-link-color wp-elements-2571d6408ae5f0fc23cb46548c82af63\">Focused learning spaces designed to strengthen shared language, culture, models, and competencies for eco-social regeneration.<br>These trainings combine systems thinking and collaborative practice, offering internal formats tailored to specific contexts, as well as open sessions that foster cross-pollination between participants and diverse territories.<\/p>\n<\/div>\n<\/div>\n\n\n\n<div class=\"wp-block-group alignwide is-style-one-column-mobile is-layout-grid wp-container-core-group-is-layout-b757edec wp-block-group-is-layout-grid\">\n<div style=\"background:#f1ebd3;--highlight-color:#D4EC97\" class=\"wp-block-orla-plus-rounded-container orla-rounded-container  canaphos-rounded-container\"><div class=\"icon-wrapper\" style=\"background:#ffffff\"><svg viewbox=\"0 0 64 64\" width=\"60\" height=\"60\" style=\"color:#1f3a34;--icon-secondary:#f59951\" fill=\"#1f3a34\"><g fill=\"none\" stroke=\"currentColor\" stroke-width=\"2.2\" stroke-linecap=\"round\" stroke-linejoin=\"round\"><path fill=\"var(--icon-secondary, #ffffff)\" d=\"M32 12 C35 12, 37 15, 35.5 18 C34 21, 30 21, 28.5 18 C27 15, 29 12, 32 12 Z\"><\/path><path fill=\"var(--icon-secondary, #ffffff)\" d=\"M50 24 C53 24, 55 27, 53.5 30 C52 33, 48 33, 46.5 30 C45 27, 47 24, 50 24 Z\"><\/path><path fill=\"var(--icon-secondary, #ffffff)\" d=\"M44 46 C47 46, 49 49, 47.5 52 C46 55, 42 55, 40.5 52 C39 49, 41 46, 44 46 Z\"><\/path><path fill=\"var(--icon-secondary, #ffffff)\" d=\"M20 46 C23 46, 25 49, 23.5 52 C22 55, 18 55, 16.5 52 C15 49, 17 46, 20 46 Z\"><\/path><path fill=\"var(--icon-secondary, #ffffff)\" d=\"M14 24 C17 24, 19 27, 17.5 30 C16 33, 12 33, 10.5 30 C9 27, 11 24, 14 24 Z\"><\/path><path d=\"M32 18 C40 20, 46 24, 50 28\"><\/path><path d=\"M50 30 C48 38, 46 42, 44 48\"><\/path><path d=\"M44 48 C36 52, 28 52, 20 48\"><\/path><path d=\"M20 48 C16 42, 14 36, 14 30\"><\/path><path d=\"M14 28 C18 22, 24 18, 32 18\"><\/path><\/g><\/svg><\/div>\n<h3 class=\"wp-block-heading\"><strong><strong><strong><strong>Communities of Practice<\/strong><\/strong><\/strong><\/strong><\/h3>\n\n\n\n<p>Ongoing collective learning spaces where practitioners, organizations, and initiatives come together to learn from experience. Communities of practice foster peer exchange, mutual support, and the continuous evolution of regenerative thinking through relationship, dialogue, and shared inquiry.<\/p>\n<\/div>\n\n\n\n<div style=\"background:#f59951;--highlight-color:#D4EC97\" class=\"wp-block-orla-plus-rounded-container orla-rounded-container  canaphos-rounded-container\"><div class=\"icon-wrapper\" style=\"background:#f7f4e8\"><svg viewbox=\"0 0 64 64\" width=\"60\" height=\"60\" style=\"color:#1f3a34;--icon-secondary:#f59951\" fill=\"#1f3a34\"><g fill=\"none\" stroke=\"currentColor\" stroke-width=\"2.2\" stroke-linecap=\"round\" stroke-linejoin=\"round\"><path fill=\"var(--icon-secondary, #ffffff)\" d=\"m 20.892857,14.928571 c 2,0 2.494464,3.162196 2.571429,5.160715 L 24,34 c 0.230894,5.995556 -2,8 -4,10 -2,2 -1.541814,4.854887 0.446429,5.071429 3.005952,0.327382 5.744047,0.744037 9.285714,-0.08929 1.946834,-0.458075 3.821428,-0.839282 3.821428,-2.839282 C 33.553571,44.142857 32,42 30,40 28,38 28,36 28,34 V 20 c 0,-2 3.262311,-5.845268 1.267857,-5.696428 z\"><\/path><path fill=\"var(--icon-secondary, #ffffff)\" d=\"m 32.272843,12.949237 c 2,0 1.626322,8.05586 1.727157,9.050763 0.535714,5.285714 -0.803571,11.910714 -0.803571,13.910714 0,2 -0.512692,7.561186 1.487308,8.561186 2,0.5 2.834072,-1.064892 6.693682,0.0239 3.563268,1.005199 12.059394,0.479053 13.076534,-0.503508 C 56.51753,41.998872 53.900958,37.406626 45.553571,36.75 41.56589,36.436319 41.735196,31.790407 41.964286,29.803572 l 0.982143,-8.517858 c 0.22909,-1.986836 0.545687,-8.04061 0.545687,-8.04061 z\"><\/path><path d=\"m 19.107142,46.160715 c 4.535715,0.785714 8.767858,0.607143 13.714287,-0.625\"><\/path><path d=\"m 34.505165,41.704042 c 3.300413,-0.128034 2.979448,-0.394374 5.532556,-0.395891 1.276554,-7.58e-4 2.957684,0.764108 5.596461,0.961084 2.638777,0.196976 6.056629,0.09392 9.110201,-0.660546\"><\/path><\/g><\/svg><\/div>\n<h3 class=\"wp-block-heading\"><strong><strong>Field Practices<\/strong><\/strong><\/h3>\n\n\n\n<p>Situated, place-based learning experiences where ecological and relational dynamics can be directly observed, felt, and lived. Field activities invite participants to learn with landscapes, projects, and communities, anchoring regenerative principles in embodied, context-specific experience.<\/p>\n<\/div>\n<\/div>\n<\/div>\n<\/div>\n<\/div>\n\n\n\n<div class=\"wp-block-group alignfull align-child-vertically has-or-blue-background-color has-background is-layout-constrained wp-block-group-is-layout-constrained\" style=\"min-height:70vh\">\n<div class=\"wp-block-columns alignfull column-reverse-mobile is-layout-flex wp-container-core-columns-is-layout-28f84493 wp-block-columns-is-layout-flex\">\n<div class=\"wp-block-column is-vertically-aligned-center has-or-beige-color has-text-color has-link-color wp-elements-f3bb990cc6f4a246039d3c35ec0897bb is-layout-flow wp-block-column-is-layout-flow\" style=\"flex-basis:50%\">\n<p class=\"wp-block-orla-plus-animated-paragraph orla-animated-paragraph big-size\">From here, you can <strong>explore upcoming events or learn more about how our practice<\/strong> supports regenerative processes in different contexts.<br><\/p>\n\n\n\n<div style=\"height:1.4rem\" aria-hidden=\"true\" class=\"wp-block-spacer\"><\/div>\n\n\n\n<p class=\"wp-block-orla-plus-animated-paragraph orla-animated-paragraph\"><em>If you are interested in deepening your own learning, or in strengthening the learning and capacities of your team or organization, we would be glad to work together to find an appropriate approach.<\/em><\/p>\n\n\n\n<div style=\"height:3rem\" aria-hidden=\"true\" class=\"wp-block-spacer\"><\/div>\n\n\n\n<div class=\"wp-block-group is-nowrap is-layout-flex wp-container-core-group-is-layout-6c531013 wp-block-group-is-layout-flex\">\n<a class=\"wp-block-orla-plus-handdrawn-button orla-button white primary\" href=\"\/en\/a-nossa-pratica\/\"><span class=\"label\">Our Practice<\/span><svg viewbox=\"0 0 200 60\" preserveaspectratio=\"none\"><path d=\"M5 5 Q100 0 195 5 Q200 30 195 55 Q100 60 5 55 Q0 30 5 5 Z\"><\/path><\/svg><\/a>\n\n\n\n<a class=\"wp-block-orla-plus-handdrawn-button orla-button white primary\" href=\"\/en\/conecte\/\"><span class=\"label\">Contact<\/span><svg viewbox=\"0 0 200 60\" preserveaspectratio=\"none\"><path d=\"M5 5 Q100 0 195 5 Q200 30 195 55 Q100 60 5 55 Q0 30 5 5 Z\"><\/path><\/svg><\/a>\n<\/div>\n<\/div>\n\n\n\n<div class=\"wp-block-column is-layout-flow wp-block-column-is-layout-flow\" style=\"flex-basis:50%\">\n<figure class=\"wp-block-image size-full is-style-image-border\"><img loading=\"lazy\" decoding=\"async\" width=\"1100\" height=\"619\" src=\"https:\/\/orladesign.org\/wp-content\/uploads\/2026\/04\/contact.jpg\" alt=\"\" class=\"wp-image-423\" srcset=\"https:\/\/orladesign.org\/wp-content\/uploads\/2026\/04\/contact.jpg 1100w, https:\/\/orladesign.org\/wp-content\/uploads\/2026\/04\/contact-300x169.jpg 300w, https:\/\/orladesign.org\/wp-content\/uploads\/2026\/04\/contact-1024x576.jpg 1024w, https:\/\/orladesign.org\/wp-content\/uploads\/2026\/04\/contact-768x432.jpg 768w, https:\/\/orladesign.org\/wp-content\/uploads\/2026\/04\/contact-18x10.jpg 18w\" sizes=\"auto, (max-width: 1100px) 100vw, 1100px\" \/><\/figure>\n<\/div>\n<\/div>\n<\/div>\n\n\n\n<div class=\"wp-block-group alignwide has-or-beige-200-background-color has-background is-layout-constrained wp-block-group-is-layout-constrained\" id=\"oportunidades\"><div class=\"upcoming-events\"><h2 class=\"upcoming-events-title\">Learning Opportunities<\/h2><div class=\"upcoming-events-grid cols-2\">            <a class=\"event-card\" href=\"https:\/\/orladesign.org\/en\/recurring-events\/sextas-de-primavera-na-medronheira\/\">\r\n                <div class=\"event-image\" style=\"background-image: url('https:\/\/orladesign.org\/wp-content\/uploads\/2026\/04\/Screenshot-2026-04-29-at-18.58.01.png');\">\r\n                    <div class=\"event-date-overlay\">\r\n                        <div class=\"event-date\">\r\n                            <span class=\"event-day\">Fridays<\/span>\r\n                        <\/div>\r\n                    <\/div>\r\n                <\/div>\r\n                <div class=\"event-info\">\r\n                    <div>\r\n                        <h3 class=\"event-title\">Spring Fridays at Medronheira<\/h3>\r\n                        <h4 class=\"event-category\">Evento Regular<\/h4>\r\n                    <\/div>\r\n                                            <div class=\"event-venue\">\r\n                            <div class=\"venue-line venue-line-1\">Bensafrim<br \/>\nLagos<br \/>\nPortugal <\/div>\r\n                        <\/div>\r\n                                                                <div class=\"event-time\">10h \u00e0s 13h<\/div>\r\n                                    <\/div>\r\n            <\/a>\r\n                    <a class=\"event-card\" href=\"https:\/\/orladesign.org\/en\/recurring-events\/tercas-feiras-de-regeneracao\/\">\r\n                <div class=\"event-image\" style=\"background-image: url('https:\/\/orladesign.org\/wp-content\/uploads\/2026\/04\/DSC_0899-scaled-1.jpg');\">\r\n                    <div class=\"event-date-overlay\">\r\n                        <div class=\"event-date\">\r\n                            <span class=\"event-day\">Tuesdays<\/span>\r\n                        <\/div>\r\n                    <\/div>\r\n                <\/div>\r\n                <div class=\"event-info\">\r\n                    <div>\r\n                        <h3 class=\"event-title\">Tuesdays of Regen<\/h3>\r\n                        <h4 class=\"event-category\">Evento Regular<\/h4>\r\n                    <\/div>\r\n                                            <div class=\"event-venue\">\r\n                            <div class=\"venue-line venue-line-1\">Odi\u00e1xere<br \/>\nLagos<br \/>\nPortugal <\/div>\r\n                        <\/div>\r\n                                                                <div class=\"event-time\">10h \u00e0s 14h<\/div>\r\n                                    <\/div>\r\n            <\/a>\r\n        <\/div><\/div><\/div>\n\n\n\n<div class=\"wp-block-group alignfull align-child-vertically has-or-beige-100-background-color has-background is-layout-constrained wp-block-group-is-layout-constrained\" id=\"materiais\" style=\"min-height:70vh\">\n<div class=\"wp-block-group is-layout-constrained wp-block-group-is-layout-constrained\">\n<h2 class=\"wp-block-heading alignwide has-text-align-center\">Learning Materials<\/h2>\n\n\n\n<div style=\"height:2rem\" aria-hidden=\"true\" class=\"wp-block-spacer is-style-height-1-mobile\"><\/div>\n\n\n\n<figure class=\"wp-block-image size-full is-resized is-style-image-zoom image-900\"><img loading=\"lazy\" decoding=\"async\" width=\"2560\" height=\"1173\" src=\"https:\/\/orladesign.org\/wp-content\/uploads\/2026\/04\/2-Toolkit-scaled-e1777477448538.jpg\" alt=\"\" class=\"wp-image-728\" style=\"width:900px\" srcset=\"https:\/\/orladesign.org\/wp-content\/uploads\/2026\/04\/2-Toolkit-scaled-e1777477448538.jpg 2560w, https:\/\/orladesign.org\/wp-content\/uploads\/2026\/04\/2-Toolkit-scaled-e1777477448538-300x137.jpg 300w, https:\/\/orladesign.org\/wp-content\/uploads\/2026\/04\/2-Toolkit-scaled-e1777477448538-1024x469.jpg 1024w, https:\/\/orladesign.org\/wp-content\/uploads\/2026\/04\/2-Toolkit-scaled-e1777477448538-768x352.jpg 768w, https:\/\/orladesign.org\/wp-content\/uploads\/2026\/04\/2-Toolkit-scaled-e1777477448538-1536x704.jpg 1536w, https:\/\/orladesign.org\/wp-content\/uploads\/2026\/04\/2-Toolkit-scaled-e1777477448538-2048x938.jpg 2048w, https:\/\/orladesign.org\/wp-content\/uploads\/2026\/04\/2-Toolkit-scaled-e1777477448538-18x8.jpg 18w\" sizes=\"auto, (max-width: 2560px) 100vw, 2560px\" \/><\/figure>\n\n\n\n<p class=\"has-text-align-center\"><em>More content coming soon.<\/em><\/p>\n<\/div>\n<\/div>","protected":false},"excerpt":{"rendered":"<p>Uma Pr\u00e1tica Enraizada na Aprendizagem Materiais de Aprendizagem Mais conte\u00fado em breve.<\/p>","protected":false},"author":2,"featured_media":0,"parent":0,"menu_order":0,"comment_status":"closed","ping_status":"closed","template":"","meta":{"_EventAllDay":false,"_EventTimezone":"","_EventStartDate":"","_EventEndDate":"","_EventStartDateUTC":"","_EventEndDateUTC":"","_EventShowMap":false,"_EventShowMapLink":false,"_EventURL":"","_EventCost":"","_EventCostDescription":"","_EventCurrencySymbol":"","_EventCurrencyCode":"","_EventCurrencyPosition":"","_EventDateTimeSeparator":"","_EventTimeRangeSeparator":"","_EventOrganizerID":[],"_EventVenueID":[],"_OrganizerEmail":"","_OrganizerPhone":"","_OrganizerWebsite":"","_VenueAddress":"","_VenueCity":"","_VenueCountry":"","_VenueProvince":"","_VenueState":"","_VenueZip":"","_VenuePhone":"","_VenueURL":"","_VenueStateProvince":"","_VenueLat":"","_VenueLng":"","_VenueShowMap":false,"_VenueShowMapLink":false,"footnotes":""},"class_list":["post-421","page","type-page","status-publish","hentry"],"_links":{"self":[{"href":"https:\/\/orladesign.org\/en\/wp-json\/wp\/v2\/pages\/421","targetHints":{"allow":["GET"]}}],"collection":[{"href":"https:\/\/orladesign.org\/en\/wp-json\/wp\/v2\/pages"}],"about":[{"href":"https:\/\/orladesign.org\/en\/wp-json\/wp\/v2\/types\/page"}],"author":[{"embeddable":true,"href":"https:\/\/orladesign.org\/en\/wp-json\/wp\/v2\/users\/2"}],"replies":[{"embeddable":true,"href":"https:\/\/orladesign.org\/en\/wp-json\/wp\/v2\/comments?post=421"}],"version-history":[{"count":26,"href":"https:\/\/orladesign.org\/en\/wp-json\/wp\/v2\/pages\/421\/revisions"}],"predecessor-version":[{"id":849,"href":"https:\/\/orladesign.org\/en\/wp-json\/wp\/v2\/pages\/421\/revisions\/849"}],"wp:attachment":[{"href":"https:\/\/orladesign.org\/en\/wp-json\/wp\/v2\/media?parent=421"}],"curies":[{"name":"wp","href":"https:\/\/api.w.org\/{rel}","templated":true}]}}