{"id":406,"date":"2026-04-10T10:08:56","date_gmt":"2026-04-10T10:08:56","guid":{"rendered":"https:\/\/olive-dogfish-121566.hostingersite.com\/?page_id=406"},"modified":"2026-04-30T12:13:33","modified_gmt":"2026-04-30T11:13:33","slug":"a-nossa-pratica","status":"publish","type":"page","link":"https:\/\/orladesign.org\/en\/a-nossa-pratica\/","title":{"rendered":"A Nossa Pr\u00e1tica"},"content":{"rendered":"<div style=\"height:80px\" aria-hidden=\"true\" class=\"wp-block-spacer\"><\/div>\n\n\n\n<div class=\"wp-block-group alignfull align-child-vertically has-or-beige-200-background-color has-background is-layout-constrained wp-block-group-is-layout-constrained\">\n<div class=\"wp-block-columns alignwide z-index-1 is-layout-flex wp-container-core-columns-is-layout-28f84493 wp-block-columns-is-layout-flex\">\n<div class=\"wp-block-column is-vertically-aligned-center z-index-1 is-layout-flow wp-block-column-is-layout-flow\" style=\"flex-basis:66%\">\n<div style=\"height:2rem\" aria-hidden=\"true\" class=\"wp-block-spacer is-style-height-1-mobile\"><\/div>\n\n\n\n<h1 class=\"wp-block-heading has-gigantic-2-font-size\"><strong>Our <em>Practice<\/em><\/strong><\/h1>\n\n\n\n<div style=\"height:4rem\" aria-hidden=\"true\" class=\"wp-block-spacer is-style-height-2-mobile\"><\/div>\n\n\n\n<p class=\"wp-block-orla-plus-animated-paragraph orla-animated-paragraph big-size\">Orla Design supports organizations, collectives, communities, territorial initiatives, and individuals <strong>in building regenerative futures rooted in place.<\/strong>.<br>Our practice brings together ecological design, participatory processes, and collective learning to support groups in navigating complexity and acting with care, clarity, and shared responsibility.<\/p>\n\n\n\n<div style=\"height:1.4rem\" aria-hidden=\"true\" class=\"wp-block-spacer\"><\/div>\n\n\n\n<p class=\"wp-block-orla-plus-animated-paragraph orla-animated-paragraph\">It unfolds across two complementary domains that reflect how transformation happens in practice: <strong>Ecological and Landscape Regeneration, and Collaboration, Governance, and Collective Resilience<\/strong>.<\/p>\n\n\n\n<div style=\"height:2rem\" aria-hidden=\"true\" class=\"wp-block-spacer is-style-height-1-mobile\"><\/div>\n<\/div>\n\n\n\n<div class=\"wp-block-column is-vertically-aligned-center is-layout-flow wp-block-column-is-layout-flow\"><\/div>\n<\/div>\n<\/div>\n\n\n\n<div style=\"height:4rem\" aria-hidden=\"true\" class=\"wp-block-spacer is-style-hide-mobile\"><\/div>\n\n\n\n<div class=\"wp-block-group alignfull align-child-vertically is-layout-constrained wp-block-group-is-layout-constrained\">\n<div class=\"wp-block-columns alignwide z-index-1 column-reverse-mobile is-layout-flex wp-container-core-columns-is-layout-28f84493 wp-block-columns-is-layout-flex\">\n<div class=\"wp-block-column is-vertically-aligned-center z-index-1 is-layout-flow wp-block-column-is-layout-flow\" style=\"flex-basis:50%\">\n<div class=\"wp-block-group position-relative is-nowrap is-layout-flex wp-container-core-group-is-layout-6c531013 wp-block-group-is-layout-flex\">\n<h2 class=\"wp-block-heading field-title\"><strong><strong>Ecological and Landscape Regeneration<\/strong><\/strong><\/h2>\n\n\n\n<figure class=\"wp-block-image size-full field-image wp-container-content-e0b89f81\"><img loading=\"lazy\" decoding=\"async\" width=\"159\" height=\"159\" src=\"https:\/\/orladesign.org\/wp-content\/uploads\/2026\/03\/icons-v2-01-e1772821837494.png\" alt=\"\" class=\"wp-image-177\" srcset=\"https:\/\/orladesign.org\/wp-content\/uploads\/2026\/03\/icons-v2-01-e1772821837494.png 159w, https:\/\/orladesign.org\/wp-content\/uploads\/2026\/03\/icons-v2-01-e1772821837494-150x150.png 150w, https:\/\/orladesign.org\/wp-content\/uploads\/2026\/03\/icons-v2-01-e1772821837494-12x12.png 12w\" sizes=\"auto, (max-width: 159px) 100vw, 159px\" \/><\/figure>\n<\/div>\n\n\n\n<div style=\"height:2rem\" aria-hidden=\"true\" class=\"wp-block-spacer\"><\/div>\n\n\n\n<p class=\"wp-block-orla-plus-animated-paragraph orla-animated-paragraph big-size\">This field engages <strong>with the living systems that sustain territories<\/strong>.<br>It explores how landscapes are regenerated, how ecological understanding deepens through practice, and how communities reconnect with place.<br><\/p>\n\n\n\n<ul class=\"wp-block-list has-medium-font-size\">\n<li>What are we regenerating or designing?<\/li>\n\n\n\n<li>How do we listen to and work with the land, ecosystems, and context?<\/li>\n\n\n\n<li>How does learning emerge through ecological practice?<\/li>\n<\/ul>\n\n\n\n<a class=\"wp-block-orla-plus-handdrawn-button orla-button green primary\" href=\"\/en\/regeneracao-ecologica-e-da-paisagem\/\"><span class=\"label\">Discover ways to engage<\/span><svg viewbox=\"0 0 200 60\" preserveaspectratio=\"none\"><path d=\"M5 5 Q100 0 195 5 Q200 30 195 55 Q100 60 5 55 Q0 30 5 5 Z\"><\/path><\/svg><\/a>\n<\/div>\n\n\n\n<div class=\"wp-block-column is-vertically-aligned-top is-layout-flow wp-block-column-is-layout-flow\">\n<figure class=\"wp-block-image size-full is-style-image-zoom\"><img loading=\"lazy\" decoding=\"async\" width=\"1017\" height=\"1017\" src=\"https:\/\/orladesign.org\/wp-content\/uploads\/2026\/04\/2-edited.png\" alt=\"\" class=\"wp-image-791\" srcset=\"https:\/\/orladesign.org\/wp-content\/uploads\/2026\/04\/2-edited.png 1017w, https:\/\/orladesign.org\/wp-content\/uploads\/2026\/04\/2-edited-300x300.png 300w, https:\/\/orladesign.org\/wp-content\/uploads\/2026\/04\/2-edited-150x150.png 150w, https:\/\/orladesign.org\/wp-content\/uploads\/2026\/04\/2-edited-768x768.png 768w, https:\/\/orladesign.org\/wp-content\/uploads\/2026\/04\/2-edited-12x12.png 12w\" sizes=\"auto, (max-width: 1017px) 100vw, 1017px\" \/><\/figure>\n<\/div>\n<\/div>\n<\/div>\n\n\n\n<div style=\"height:4rem\" aria-hidden=\"true\" class=\"wp-block-spacer is-style-hide-mobile\"><\/div>\n\n\n\n<div class=\"wp-block-group alignfull align-child-vertically is-layout-constrained wp-block-group-is-layout-constrained\">\n<div class=\"wp-block-columns alignwide are-vertically-aligned-center z-index-1 is-layout-flex wp-container-core-columns-is-layout-28f84493 wp-block-columns-is-layout-flex\">\n<div class=\"wp-block-column is-vertically-aligned-center is-layout-flow wp-block-column-is-layout-flow\">\n<figure class=\"wp-block-image size-full is-style-image-zoom\"><img loading=\"lazy\" decoding=\"async\" width=\"489\" height=\"465\" src=\"https:\/\/orladesign.org\/wp-content\/uploads\/2026\/03\/orla.webp\" alt=\"\" class=\"wp-image-236\" srcset=\"https:\/\/orladesign.org\/wp-content\/uploads\/2026\/03\/orla.webp 489w, https:\/\/orladesign.org\/wp-content\/uploads\/2026\/03\/orla-300x285.webp 300w, https:\/\/orladesign.org\/wp-content\/uploads\/2026\/03\/orla-13x12.webp 13w\" sizes=\"auto, (max-width: 489px) 100vw, 489px\" \/><\/figure>\n<\/div>\n\n\n\n<div class=\"wp-block-column is-vertically-aligned-center z-index-1 is-layout-flow wp-block-column-is-layout-flow\" style=\"flex-basis:50%\">\n<div class=\"wp-block-group position-relative is-nowrap is-layout-flex wp-container-core-group-is-layout-6c531013 wp-block-group-is-layout-flex\">\n<h2 class=\"wp-block-heading field-title\"><strong><strong><strong>Collaboration, Governance and Collective Resilience<\/strong><\/strong><\/strong><\/h2>\n\n\n\n<figure class=\"wp-block-image size-full field-image wp-container-content-29dca9c1\"><img loading=\"lazy\" decoding=\"async\" width=\"549\" height=\"549\" src=\"https:\/\/orladesign.org\/wp-content\/uploads\/2026\/03\/new-collaboration-e1772821913627.png\" alt=\"\" class=\"wp-image-179\" srcset=\"https:\/\/orladesign.org\/wp-content\/uploads\/2026\/03\/new-collaboration-e1772821913627.png 549w, https:\/\/orladesign.org\/wp-content\/uploads\/2026\/03\/new-collaboration-e1772821913627-300x300.png 300w, https:\/\/orladesign.org\/wp-content\/uploads\/2026\/03\/new-collaboration-e1772821913627-150x150.png 150w, https:\/\/orladesign.org\/wp-content\/uploads\/2026\/03\/new-collaboration-e1772821913627-12x12.png 12w\" sizes=\"auto, (max-width: 549px) 100vw, 549px\" \/><\/figure>\n<\/div>\n\n\n\n<div style=\"height:2rem\" aria-hidden=\"true\" class=\"wp-block-spacer\"><\/div>\n\n\n\n<p class=\"wp-block-orla-plus-animated-paragraph orla-animated-paragraph big-size\">This field focuses on the social systems that shape collective action. <strong>It strengthens relationships, structures, and shared purpose<\/strong>, fostering conscious and resilient collaboration.<br><\/p>\n\n\n\n<ul class=\"wp-block-list has-medium-font-size\">\n<li>Who needs to be involved?<\/li>\n\n\n\n<li>How do groups and teams organize, decide, and work together? What lies beneath the surface?<\/li>\n\n\n\n<li>How is learning cultivated, shared, and sustained over time?<\/li>\n<\/ul>\n\n\n\n<a class=\"wp-block-orla-plus-handdrawn-button orla-button blue primary\" href=\"\/en\/colaboracao-governacao-e-resiliencia-coletiva\/\"><span class=\"label\">Discover ways to engage<\/span><svg viewbox=\"0 0 200 60\" preserveaspectratio=\"none\"><path d=\"M5 5 Q100 0 195 5 Q200 30 195 55 Q100 60 5 55 Q0 30 5 5 Z\"><\/path><\/svg><\/a>\n<\/div>\n<\/div>\n<\/div>\n\n\n\n<div style=\"height:4rem\" aria-hidden=\"true\" class=\"wp-block-spacer is-style-hide-mobile\"><\/div>\n\n\n\n<div class=\"wp-block-group alignfull align-child-vertically is-layout-constrained wp-block-group-is-layout-constrained\">\n<div class=\"wp-block-columns alignwide are-vertically-aligned-center z-index-1 column-reverse-mobile is-layout-flex wp-container-core-columns-is-layout-28f84493 wp-block-columns-is-layout-flex\">\n<div class=\"wp-block-column is-vertically-aligned-center z-index-1 is-layout-flow wp-block-column-is-layout-flow\" style=\"flex-basis:50%\">\n<div class=\"wp-block-group position-relative is-content-justification-space-between is-nowrap is-layout-flex wp-container-core-group-is-layout-cb46ffcb wp-block-group-is-layout-flex\">\n<div class=\"wp-block-group field-title is-vertical is-layout-flex wp-container-core-group-is-layout-08f878cd wp-block-group-is-layout-flex\">\n<h2 class=\"wp-block-heading no-margin\">Learning<\/h2>\n\n\n\n<h3 class=\"wp-block-heading\">interwoven in pr<strong>a<\/strong>ctice<\/h3>\n<\/div>\n\n\n\n<figure class=\"wp-block-image size-full field-image wp-container-content-06f487a6\"><img loading=\"lazy\" decoding=\"async\" width=\"189\" height=\"189\" src=\"https:\/\/orladesign.org\/wp-content\/uploads\/2026\/02\/icons-v2-03-1-e1772821978747.png\" alt=\"\" class=\"wp-image-53\" srcset=\"https:\/\/orladesign.org\/wp-content\/uploads\/2026\/02\/icons-v2-03-1-e1772821978747.png 189w, https:\/\/orladesign.org\/wp-content\/uploads\/2026\/02\/icons-v2-03-1-e1772821978747-150x150.png 150w, https:\/\/orladesign.org\/wp-content\/uploads\/2026\/02\/icons-v2-03-1-e1772821978747-12x12.png 12w\" sizes=\"auto, (max-width: 189px) 100vw, 189px\" \/><\/figure>\n<\/div>\n\n\n\n<div class=\"wp-block-group has-or-orange-color has-text-color has-link-color wp-elements-80c8ced9fdbd20b4d5d4f2b1c4e115c8 is-nowrap is-layout-flex wp-container-core-group-is-layout-b7a80f67 wp-block-group-is-layout-flex\" style=\"border-top-style:none;border-top-width:0px;border-right-style:none;border-right-width:0px;border-bottom-style:none;border-bottom-width:0px;border-left-width:4px;margin-bottom:0;padding-right:var(--wp--preset--spacing--card-padding);padding-left:var(--wp--preset--spacing--card-padding)\">\n<p class=\"has-or-dark-color has-text-color has-link-color wp-elements-3711b28b36367563f0ed88204ce2f6e7\"><em><strong>\u201cEach process \u2014 whether ecological, organizational, or territorial \u2014 is held as a space to develop ecological literacy, collaborative capacity, and shared responsibility.\u201d<\/strong><\/em><\/p>\n<\/div>\n\n\n\n<div style=\"height:2rem\" aria-hidden=\"true\" class=\"wp-block-spacer\"><\/div>\n\n\n\n<p class=\"wp-block-orla-plus-animated-paragraph orla-animated-paragraph\">Through real contexts, lived experience, and collective practice, learning becomes an integral part of action.<br><br>If you are looking for a pathway more dedicated to learning \u2014 as an individual, organization, or territorial initiative \u2014 you can also explore our learning programs.<br><\/p>\n\n\n\n<a class=\"wp-block-orla-plus-handdrawn-button orla-button orange primary\" href=\"\/en\/aprendizagem\/\"><span class=\"label\">Learn more<\/span><svg viewbox=\"0 0 200 60\" preserveaspectratio=\"none\"><path d=\"M5 5 Q100 0 195 5 Q200 30 195 55 Q100 60 5 55 Q0 30 5 5 Z\"><\/path><\/svg><\/a>\n<\/div>\n\n\n\n<div class=\"wp-block-column is-vertically-aligned-center is-layout-flow wp-block-column-is-layout-flow\">\n<figure class=\"wp-block-image size-full is-style-image-zoom\"><img loading=\"lazy\" decoding=\"async\" width=\"845\" height=\"740\" src=\"https:\/\/orladesign.org\/wp-content\/uploads\/2026\/03\/outside-collaboration.png\" alt=\"\" class=\"wp-image-237\" srcset=\"https:\/\/orladesign.org\/wp-content\/uploads\/2026\/03\/outside-collaboration.png 845w, https:\/\/orladesign.org\/wp-content\/uploads\/2026\/03\/outside-collaboration-300x263.png 300w, https:\/\/orladesign.org\/wp-content\/uploads\/2026\/03\/outside-collaboration-768x673.png 768w, https:\/\/orladesign.org\/wp-content\/uploads\/2026\/03\/outside-collaboration-14x12.png 14w\" sizes=\"auto, (max-width: 845px) 100vw, 845px\" \/><\/figure>\n<\/div>\n<\/div>\n<\/div>\n\n\n\n<div style=\"height:80px\" aria-hidden=\"true\" class=\"wp-block-spacer is-style-height-2-mobile\"><\/div>","protected":false},"excerpt":{"rendered":"<p>A Nossa Pr\u00e1tica Regenera\u00e7\u00e3o Ecol\u00f3gica e da Paisagem Colabora\u00e7\u00e3o, GovernaN\u00c7A e Resili\u00eancia Colectiva AprendizagEm entrela\u00e7ada na pr\u00e1tica &#8220;Cada processo \u2014 seja ecol\u00f3gico, organizacional ou territorial \u2014 \u00e9 sustentado como um [&hellip;]<\/p>\n","protected":false},"author":2,"featured_media":0,"parent":0,"menu_order":0,"comment_status":"closed","ping_status":"closed","template":"","meta":{"_EventAllDay":false,"_EventTimezone":"","_EventStartDate":"","_EventEndDate":"","_EventStartDateUTC":"","_EventEndDateUTC":"","_EventShowMap":false,"_EventShowMapLink":false,"_EventURL":"","_EventCost":"","_EventCostDescription":"","_EventCurrencySymbol":"","_EventCurrencyCode":"","_EventCurrencyPosition":"","_EventDateTimeSeparator":"","_EventTimeRangeSeparator":"","_EventOrganizerID":[],"_EventVenueID":[],"_OrganizerEmail":"","_OrganizerPhone":"","_OrganizerWebsite":"","_VenueAddress":"","_VenueCity":"","_VenueCountry":"","_VenueProvince":"","_VenueState":"","_VenueZip":"","_VenuePhone":"","_VenueURL":"","_VenueStateProvince":"","_VenueLat":"","_VenueLng":"","_VenueShowMap":false,"_VenueShowMapLink":false,"footnotes":""},"class_list":["post-406","page","type-page","status-publish","hentry"],"_links":{"self":[{"href":"https:\/\/orladesign.org\/en\/wp-json\/wp\/v2\/pages\/406","targetHints":{"allow":["GET"]}}],"collection":[{"href":"https:\/\/orladesign.org\/en\/wp-json\/wp\/v2\/pages"}],"about":[{"href":"https:\/\/orladesign.org\/en\/wp-json\/wp\/v2\/types\/page"}],"author":[{"embeddable":true,"href":"https:\/\/orladesign.org\/en\/wp-json\/wp\/v2\/users\/2"}],"replies":[{"embeddable":true,"href":"https:\/\/orladesign.org\/en\/wp-json\/wp\/v2\/comments?post=406"}],"version-history":[{"count":3,"href":"https:\/\/orladesign.org\/en\/wp-json\/wp\/v2\/pages\/406\/revisions"}],"predecessor-version":[{"id":792,"href":"https:\/\/orladesign.org\/en\/wp-json\/wp\/v2\/pages\/406\/revisions\/792"}],"wp:attachment":[{"href":"https:\/\/orladesign.org\/en\/wp-json\/wp\/v2\/media?parent=406"}],"curies":[{"name":"wp","href":"https:\/\/api.w.org\/{rel}","templated":true}]}}